{"id":708,"date":"2023-11-26T22:29:00","date_gmt":"2023-11-27T01:29:00","guid":{"rendered":"https:\/\/agropecuariaterrafertil.com.br\/?page_id=708"},"modified":"2023-11-26T22:31:27","modified_gmt":"2023-11-27T01:31:27","slug":"politica-de-privacidade","status":"publish","type":"page","link":"https:\/\/www.agropecuariaterrafertil.com.br\/?page_id=708","title":{"rendered":"Pol\u00edtica de Privacidade"},"content":{"rendered":"\t\t<div data-elementor-type=\"wp-page\" data-elementor-id=\"708\" class=\"elementor elementor-708\" data-elementor-post-type=\"page\">\n\t\t\t\t<div class=\"elementor-element elementor-element-6950f212 e-flex e-con-boxed e-con e-parent\" data-id=\"6950f212\" data-element_type=\"container\" data-settings=\"{&quot;background_background&quot;:&quot;classic&quot;,&quot;jet_parallax_layout_list&quot;:[]}\">\n\t\t\t\t\t<div class=\"e-con-inner\">\n\t\t\t\t<div class=\"elementor-element elementor-element-5533d6a1 elementor-widget elementor-widget-heading\" data-id=\"5533d6a1\" data-element_type=\"widget\" data-widget_type=\"heading.default\">\n\t\t\t\t<div class=\"elementor-widget-container\">\n\t\t\t\t\t<h2 class=\"elementor-heading-title elementor-size-default\">Pol\u00edtica de Privacidade<\/h2>\t\t\t\t<\/div>\n\t\t\t\t<\/div>\n\t\t\t\t<div class=\"elementor-element elementor-element-7a470869 elementor-widget elementor-widget-text-editor\" data-id=\"7a470869\" data-element_type=\"widget\" data-widget_type=\"text-editor.default\">\n\t\t\t\t<div class=\"elementor-widget-container\">\n\t\t\t\t\t\t\t\t\t<p>A seguran\u00e7a das suas informa\u00e7\u00f5es \u00e9 muito importante para n\u00f3s.<\/p>\t\t\t\t\t\t\t\t<\/div>\n\t\t\t\t<\/div>\n\t\t\t\t\t<\/div>\n\t\t\t\t<\/div>\n\t\t<div class=\"elementor-element elementor-element-27ef05d7 e-flex e-con-boxed e-con e-parent\" data-id=\"27ef05d7\" data-element_type=\"container\" data-settings=\"{&quot;background_background&quot;:&quot;classic&quot;,&quot;jet_parallax_layout_list&quot;:[]}\">\n\t\t\t\t\t<div class=\"e-con-inner\">\n\t\t<div class=\"elementor-element elementor-element-3d27ea9f e-con-full e-flex e-con e-child\" data-id=\"3d27ea9f\" data-element_type=\"container\" data-settings=\"{&quot;jet_parallax_layout_list&quot;:[]}\">\n\t\t\t\t<div class=\"elementor-element elementor-element-75aca6e3 elementor-widget elementor-widget-text-editor\" data-id=\"75aca6e3\" data-element_type=\"widget\" data-widget_type=\"text-editor.default\">\n\t\t\t\t<div class=\"elementor-widget-container\">\n\t\t\t\t\t\t\t\t\t<p><strong>Pol\u00edtica de dados pessoais<\/strong><\/p><p>A Nome da Loja, com o compromisso de respeitar a sua privacidade, vem divulgar sua Pol\u00edtica de Prote\u00e7\u00e3o de Dados Pessoais (\u201cPol\u00edtica\u201d). A Pol\u00edtica tem por objetivo estabelecer as condi\u00e7\u00f5es de tratamento de dados de seus clientes e colaboradores, onde qualquer d\u00favida\/esclarecimento pode ser dirimida atrav\u00e9s do canal <u><a href=\"mailto:contato@dominiodaloja.com.br.\">contato@dominiodaloja.com.br.<\/a><\/u><\/p><p><strong>1)\u00a0 O que \u00e9 um dado pessoal?<\/strong><\/p><p>A Lei n\u00b0 13.709, de 14 de agosto de 2018, conforme alterada (\u201cLGPD\u201d), define dado pessoal como sendo a informa\u00e7\u00e3o relacionada a pessoa natural identificada ou identific\u00e1vel, ou seja, s\u00e3o as informa\u00e7\u00f5es de pessoas f\u00edsicas vivas como CPF, nome, data nascimento, CEP, entre outras. A LGPD visa proteger tais dados coletados em territ\u00f3rio nacional.<\/p><p><strong>2)\u00a0 O que \u00e9 um dado pessoal?<\/strong><\/p><p>Ainda segundo a LGPD, o dado pessoal sens\u00edvel \u00e9 aquele que diz respeito a origem \u00e9tnica ou racial, convic\u00e7\u00e3o religiosa, opini\u00e3o pol\u00edtica, filia\u00e7\u00e3o a sindicato ou a organiza\u00e7\u00e3o de car\u00e1ter religioso, filos\u00f3fico ou pol\u00edtico, sa\u00fade ou vida sexual, informa\u00e7\u00e3o gen\u00e9tica ou biom\u00e9trica do titular.<\/p><p><strong>3)\u00a0 Seus direitos enquanto titular dos dados<\/strong><\/p><p>Voc\u00ea pode entrar em contato com a Nome da Loja, a qualquer momento para confirmar a exist\u00eancia ou n\u00e3o de tratamento de seus dados. Caso haja confirma\u00e7\u00e3o e considerando as circunst\u00e2ncias em que envolvem o tratamento, voc\u00ea tem o direito de solicitar:<\/p><p>\u00b0 Acesso aos dados: Forneceremos uma c\u00f3pia dos dados que tratamos;<br \/>\u00ba Corre\u00e7\u00e3o de dados: Retificaremos os dados que nos informar em sua solicita\u00e7\u00e3o;<br \/>\u00b0 Bloqueio ou elimina\u00e7\u00e3o: Interromperemos o tratamento ou eliminaremos os dados de nossa base, se aplic\u00e1vel;<br \/>\u00b0 Compartilhamento: listaremos seu pedido aos agentes de tratamento com os quais compartilhamos seus dados pessoais, se aplic\u00e1vel.<\/p><p><strong>4)\u00a0 Coleta de dados e liberdade de escolha<\/strong><\/p><p>O fornecimento de dados \u00e9 volunt\u00e1rio. Assim, a Nome da Loja coleta as informa\u00e7\u00f5es considerando os preceitos \u00e9ticos e legais, podendo ter um ou mais prop\u00f3sitos sobre os quais informaremos. Os dados coletados s\u00e3o armazenados de acordo com padr\u00f5es de seguran\u00e7a da Nome da Loja, onde o titular dos dados poder\u00e1 optar ou n\u00e3o pela coleta e tratamento de seus dados, bem como das consequ\u00eancias de sua decis\u00e3o. A menos que haja determina\u00e7\u00e3o legal ou judicial, as informa\u00e7\u00f5es n\u00e3o ser\u00e3o usadas para finalidades diferentes daquelas para as quais foram coletadas.<\/p><p><strong>5)\u00a0 Finalidades para o tratamento de dados<\/strong><\/p><p>Os seus dados podem ser utilizados para as seguintes finalidades:<br \/>Contato com nossos produtos e\/ou produtos de nossos parceiros comerciais;<br \/>Acesso e uso de websites, redes sociais ou outros canais de atendimento;<br \/>\u00ba Atendimento aos processos de neg\u00f3cio;<br \/>\u00ba Presta\u00e7\u00e3o de servi\u00e7os e fornecimento de produtos;<br \/>\u00ba Cumprimento de obriga\u00e7\u00f5es contratuais e legais;<br \/>\u00ba Seguran\u00e7a da informa\u00e7\u00e3o;<br \/>\u00ba Preven\u00e7\u00e3o a fraudes.<\/p><p><strong>6)\u00a0 Controladora respons\u00e1vel pelo tratamento de dados<\/strong><\/p><p>A Nome da Loja, como controlador de dados, \u00e9 respons\u00e1vel pela coleta e tratamento de dados. Se tiver alguma pergunta, entre em contato: <u><a href=\"mailto:contato@dominiodaloja.com.br\">contato@dominiodaloja.com.br.<\/a><\/u><\/p><p><strong>7)\u00a0 Acesso aos sites da Nome da Loja<\/strong><\/p><p>Voc\u00ea pode acessar os sites da Nome da Loja sem fornecer sua identidade, por\u00e9m, quando os acessa, o seu navegador, sua conex\u00e3o e nossos servidores podem registrar os seguintes dados:<\/p><p>\u00ba Data\/hora de acesso;<br \/>\u00ba URL do site de refer\u00eancia;<br \/>\u00ba URL acessada;<br \/>\u00ba Volume de dados transmitido;<br \/>\u00ba Tipo e vers\u00e3o do navegador;<br \/>\u00ba Sistema operacional;<br \/>\u00ba Endere\u00e7o IP;<br \/>\u00ba Nome de dom\u00ednio do seu provedor de acesso \u00e0 Internet;<br \/>\u00ba Cookies.<\/p><p><strong>8)\u00a0 Cookies<\/strong><\/p><p>Nossos sites cont\u00eam links para outros sites externos cujos conte\u00fados e pol\u00edticas de privacidade n\u00e3o s\u00e3o de nossa responsabilidade, sendo que n\u00e3o temos acesso \u00e0s informa\u00e7\u00f5es coletadas por blocos de dados (cookies) presentes nos sites direcionados por esses links. Para fins administrativos, eventualmente poderemos utilizar blocos de dados (cookies) e voc\u00ea pode, a qualquer instante, modificar suas prefer\u00eancias de navega\u00e7\u00e3o para inform\u00e1-lo quando estiverem acionados ou para evitar que sejam acionados. Para mais informa\u00e7\u00f5es sobre como gerir os cookies diretamente em seu navegador de prefer\u00eancia, voc\u00ea pode acesso os links abaixo:<\/p><p>\u00ba Internet Explorer<br \/>\u00ba Mozilla Firefox<br \/>\u00ba Google\/Chrome<br \/>\u00ba Safari<\/p><p><strong>9)\u00a0 Transfer\u00eancia de dados a terceiros<\/strong><\/p><p>A Nome da Loja informa que n\u00e3o vende suas informa\u00e7\u00f5es pessoais. Podemos contratar bases de dados de terceiros a fim de aumentar a nossa base \u2013 para realiza\u00e7\u00e3o de processos seletivos, por exemplo -, ou ainda compartilhar os dados que coletamos com nossas subsidi\u00e1rias, parceiros e outras empresas, \u2013 como fornecedores ou parceiros, por exemplo -. Quando esse compartilhamento for feito com terceiros, o procedimento sempre ir\u00e1 observar as determina\u00e7\u00f5es da legisla\u00e7\u00e3o aplic\u00e1vel, de modo que as informa\u00e7\u00f5es constantes nessa base ser\u00e3o disponibilizadas apenas \u00e0s pessoas autorizadas para o uso adequado desses dados e desde que esse terceiro utilize os dados para fins leg\u00edtimos.<\/p><p><strong>10)\u00a0 Tempo de armazenamento<\/strong><\/p><p>Os dados coletados poder\u00e3o ser mantidos por tempos distintos, conforme necessidades espec\u00edficas para o tratamento dessas informa\u00e7\u00f5es.<\/p><p><strong>11) Certificado de Seguran\u00e7a SSL<\/strong><\/p><p>Na Nome da Loja todas as p\u00e1ginas est\u00e3o em ambiente seguro, como pode verificar o &#8220;cadeado verde&#8221; na URL. Todos os dados s\u00e3o criptografados, garantindo seguran\u00e7a total \u00e0s transa\u00e7\u00f5es.<\/p><p><strong>11) Envio de E-mails<\/strong><\/p><p>Nome da Loja nunca envia e-mails solicitando confirma\u00e7\u00e3o de dados\/cadastro ou com anexos execut\u00e1veis (extens\u00e3o exe, com, scr, bat) e links para download. Os links de nossos e-mails levam diretamente para o site da Nome da Loja.<\/p><p><strong>12)\u00a0 Disposi\u00e7\u00f5es gerais<\/strong><\/p><p>A Nome da Loja reserva o direito de atualizar e\/ou modificar sua Pol\u00edtica a qualquer momento, sendo que para utiliza\u00e7\u00e3o de dados com finalidade daquela anteriormente informada, esclarecer\u00e1 tais mudan\u00e7as ao titular dos dados. Se voc\u00ea tiver perguntas, entre em contato conosco!<\/p>\t\t\t\t\t\t\t\t<\/div>\n\t\t\t\t<\/div>\n\t\t\t\t<\/div>\n\t\t\t\t\t<\/div>\n\t\t\t\t<\/div>\n\t\t\t\t<\/div>\n\t\t","protected":false},"excerpt":{"rendered":"<p>Pol\u00edtica de Privacidade A seguran\u00e7a das suas informa\u00e7\u00f5es \u00e9 muito importante para n\u00f3s. Pol\u00edtica de dados pessoais A Nome da Loja, com o compromisso de respeitar a sua privacidade, vem divulgar sua Pol\u00edtica de Prote\u00e7\u00e3o de Dados Pessoais (\u201cPol\u00edtica\u201d). A Pol\u00edtica tem por objetivo estabelecer as condi\u00e7\u00f5es de tratamento de dados de seus clientes e [&hellip;]<\/p>\n","protected":false},"author":2,"featured_media":0,"parent":0,"menu_order":0,"comment_status":"closed","ping_status":"closed","template":"","meta":{"footnotes":""},"class_list":["post-708","page","type-page","status-publish","hentry"],"_links":{"self":[{"href":"https:\/\/www.agropecuariaterrafertil.com.br\/index.php?rest_route=\/wp\/v2\/pages\/708","targetHints":{"allow":["GET"]}}],"collection":[{"href":"https:\/\/www.agropecuariaterrafertil.com.br\/index.php?rest_route=\/wp\/v2\/pages"}],"about":[{"href":"https:\/\/www.agropecuariaterrafertil.com.br\/index.php?rest_route=\/wp\/v2\/types\/page"}],"author":[{"embeddable":true,"href":"https:\/\/www.agropecuariaterrafertil.com.br\/index.php?rest_route=\/wp\/v2\/users\/2"}],"replies":[{"embeddable":true,"href":"https:\/\/www.agropecuariaterrafertil.com.br\/index.php?rest_route=%2Fwp%2Fv2%2Fcomments&post=708"}],"version-history":[{"count":7,"href":"https:\/\/www.agropecuariaterrafertil.com.br\/index.php?rest_route=\/wp\/v2\/pages\/708\/revisions"}],"predecessor-version":[{"id":718,"href":"https:\/\/www.agropecuariaterrafertil.com.br\/index.php?rest_route=\/wp\/v2\/pages\/708\/revisions\/718"}],"wp:attachment":[{"href":"https:\/\/www.agropecuariaterrafertil.com.br\/index.php?rest_route=%2Fwp%2Fv2%2Fmedia&parent=708"}],"curies":[{"name":"wp","href":"https:\/\/api.w.org\/{rel}","templated":true}]}}